{"id":87,"date":"2017-06-10T05:14:56","date_gmt":"2017-06-10T05:14:56","guid":{"rendered":"http:\/\/inspirythemesdemo.com\/realplaces\/?post_type=property&#038;p=87"},"modified":"2024-10-09T18:43:14","modified_gmt":"2024-10-09T18:43:14","slug":"oficinas-en-plaza-central","status":"publish","type":"property","link":"https:\/\/demo.realhomes.io\/spanish\/propiedad\/oficinas-en-plaza-central\/","title":{"rendered":"Oficinas en Plaza Central"},"content":{"rendered":"\n<p>Un edificio de cuatro pisos con un hermoso paisaje y \u00e1reas comunes decoradas profesionalmente. Despu\u00e9s de las horas de trabajo el acceso de entrada est\u00e1 asegurado. Adyacente a hoteles famosos. Amplio aparcamiento gratuito. Restaurantes, bancos, farmacia y guarder\u00eda a poca distancia.<\/p>\n","protected":false},"excerpt":{"rendered":"<p>Un edificio de cuatro pisos con un hermoso paisaje y \u00e1reas comunes decoradas profesionalmente. Despu\u00e9s de las horas de trabajo el acceso de entrada est\u00e1 asegurado. Adyacente a hoteles famosos. Amplio aparcamiento gratuito. Restaurantes, bancos, farmacia y guarder\u00eda a poca distancia.<\/p>\n","protected":false},"author":1,"featured_media":4486,"parent":0,"menu_order":0,"comment_status":"closed","ping_status":"closed","template":"","prestaci\u00f3n-propiedad":[],"tipo-propiedad":[39],"propiedad-ubicacion":[60],"estado-propiedad":[29],"class_list":["post-87","property","type-property","status-publish","has-post-thumbnail","hentry","property-type-oficina","property-city-alicante","property-status-para-alquiler"],"aioseo_notices":[],"property_meta":{"REAL_HOMES_property_price":"3100","REAL_HOMES_property_old_price":"","REAL_HOMES_property_price_prefix":"","REAL_HOMES_property_price_postfix":"Mensual","REAL_HOMES_property_size":"200","REAL_HOMES_property_size_postfix":"m\u00b2","REAL_HOMES_property_lot_size":"","REAL_HOMES_property_lot_size_postfix":"","REAL_HOMES_property_bedrooms":"","REAL_HOMES_property_bathrooms":"","REAL_HOMES_property_garage":"","REAL_HOMES_property_id":"RH-2017-08","REAL_HOMES_property_year_built":"","rvr_property_owner":"","REAL_HOMES_featured":"0","REAL_HOMES_additional_details_list":[["Year Built","2012"],["Location","Prestigious business address"],["Cleaning","Daily Office Cleaning Services"],["Maintenance","Common Area Maintenance (CAM)"],["Tax","Real Estate Tax (RET)"],["Utilities","Air conditioning, electricity and water utilities"],["Furniture","Already Installed"],["Access","24\/7 365 Access To Building"],["Utilities Availability","24\/7 365 Air conditioning and electricity"],["Lobby Area","Friendly Receptionist"]],"REAL_HOMES_property_location":{"latitude":"38.345914007237","longitude":"-0.4907597365855","zoom":"16"},"REAL_HOMES_property_address":"Plaza Perla Calvo 26, Alicante, 22292","REAL_HOMES_property_map":"0","REAL_HOMES_property_images":[{"width":150,"height":150,"file":"2015\/07\/property-06-exterior.jpg","sizes":{"medium":{"file":"property-06-exterior-300x170.jpg","width":300,"height":170,"mime-type":"image\/jpeg","url":"https:\/\/demo.realhomes.io\/spanish\/wp-content\/uploads\/sites\/4\/2015\/07\/property-06-exterior-300x170.jpg"},"large":{"file":"property-06-exterior-1024x580.jpg","width":1024,"height":580,"mime-type":"image\/jpeg","url":"https:\/\/demo.realhomes.io\/spanish\/wp-content\/uploads\/sites\/4\/2015\/07\/property-06-exterior-1024x580.jpg"},"thumbnail":{"file":"property-06-exterior-150x150.jpg","width":150,"height":150,"mime-type":"image\/jpeg","url":"https:\/\/demo.realhomes.io\/spanish\/wp-content\/uploads\/sites\/4\/2015\/07\/property-06-exterior-150x150.jpg"},"medium_large":{"file":"property-06-exterior-768x435.jpg","width":768,"height":435,"mime-type":"image\/jpeg","url":"https:\/\/demo.realhomes.io\/spanish\/wp-content\/uploads\/sites\/4\/2015\/07\/property-06-exterior-768x435.jpg"},"post-thumbnail":{"file":"property-06-exterior-150x85.jpg","width":150,"height":85,"mime-type":"image\/jpeg","url":"https:\/\/demo.realhomes.io\/spanish\/wp-content\/uploads\/sites\/4\/2015\/07\/property-06-exterior-150x85.jpg"},"property-thumb-image":{"file":"property-06-exterior-488x326.jpg","width":488,"height":326,"mime-type":"image\/jpeg","url":"https:\/\/demo.realhomes.io\/spanish\/wp-content\/uploads\/sites\/4\/2015\/07\/property-06-exterior-488x326.jpg"},"property-detail-video-image":{"file":"property-06-exterior-818x417.jpg","width":818,"height":417,"mime-type":"image\/jpeg","url":"https:\/\/demo.realhomes.io\/spanish\/wp-content\/uploads\/sites\/4\/2015\/07\/property-06-exterior-818x417.jpg"},"agent-image":{"file":"property-06-exterior-210x210.jpg","width":210,"height":210,"mime-type":"image\/jpeg","url":"https:\/\/demo.realhomes.io\/spanish\/wp-content\/uploads\/sites\/4\/2015\/07\/property-06-exterior-210x210.jpg"},"partners-logo":{"file":"property-06-exterior-600x680.jpg","width":600,"height":680,"mime-type":"image\/jpeg","url":"https:\/\/demo.realhomes.io\/spanish\/wp-content\/uploads\/sites\/4\/2015\/07\/property-06-exterior-600x680.jpg"},"modern-property-child-slider":{"file":"property-06-exterior-680x510.jpg","width":680,"height":510,"mime-type":"image\/jpeg","url":"https:\/\/demo.realhomes.io\/spanish\/wp-content\/uploads\/sites\/4\/2015\/07\/property-06-exterior-680x510.jpg"}},"image_meta":{"aperture":"0","credit":"","camera":"","caption":"","created_timestamp":"0","copyright":"","focal_length":"0","iso":"0","shutter_speed":"0","title":"","orientation":"0","keywords":[]},"ID":"4486","name":"property-06-exterior.jpg","path":"\/sites\/demo.realhomes.io\/files\/wp-content\/uploads\/sites\/4\/2015\/07\/property-06-exterior.jpg","url":"https:\/\/demo.realhomes.io\/spanish\/wp-content\/uploads\/sites\/4\/2015\/07\/property-06-exterior-150x150.jpg","full_url":"https:\/\/demo.realhomes.io\/spanish\/wp-content\/uploads\/sites\/4\/2015\/07\/property-06-exterior.jpg","title":"property-06-exterior","caption":"","description":"","alt":"","srcset":"https:\/\/demo.realhomes.io\/spanish\/wp-content\/uploads\/sites\/4\/2015\/07\/property-06-exterior-150x150.jpg 150w, https:\/\/demo.realhomes.io\/spanish\/wp-content\/uploads\/sites\/4\/2015\/07\/property-06-exterior-210x210.jpg 210w"},{"width":150,"height":150,"file":"2015\/07\/office-interior-01.jpg","sizes":{"medium":{"file":"office-interior-01-300x170.jpg","width":300,"height":170,"mime-type":"image\/jpeg","url":"https:\/\/demo.realhomes.io\/spanish\/wp-content\/uploads\/sites\/4\/2015\/07\/office-interior-01-300x170.jpg"},"large":{"file":"office-interior-01-1024x580.jpg","width":1024,"height":580,"mime-type":"image\/jpeg","url":"https:\/\/demo.realhomes.io\/spanish\/wp-content\/uploads\/sites\/4\/2015\/07\/office-interior-01-1024x580.jpg"},"thumbnail":{"file":"office-interior-01-150x150.jpg","width":150,"height":150,"mime-type":"image\/jpeg","url":"https:\/\/demo.realhomes.io\/spanish\/wp-content\/uploads\/sites\/4\/2015\/07\/office-interior-01-150x150.jpg"},"medium_large":{"file":"office-interior-01-768x435.jpg","width":768,"height":435,"mime-type":"image\/jpeg","url":"https:\/\/demo.realhomes.io\/spanish\/wp-content\/uploads\/sites\/4\/2015\/07\/office-interior-01-768x435.jpg"},"post-thumbnail":{"file":"office-interior-01-150x85.jpg","width":150,"height":85,"mime-type":"image\/jpeg","url":"https:\/\/demo.realhomes.io\/spanish\/wp-content\/uploads\/sites\/4\/2015\/07\/office-interior-01-150x85.jpg"},"property-thumb-image":{"file":"office-interior-01-488x326.jpg","width":488,"height":326,"mime-type":"image\/jpeg","url":"https:\/\/demo.realhomes.io\/spanish\/wp-content\/uploads\/sites\/4\/2015\/07\/office-interior-01-488x326.jpg"},"property-detail-video-image":{"file":"office-interior-01-818x417.jpg","width":818,"height":417,"mime-type":"image\/jpeg","url":"https:\/\/demo.realhomes.io\/spanish\/wp-content\/uploads\/sites\/4\/2015\/07\/office-interior-01-818x417.jpg"},"agent-image":{"file":"office-interior-01-210x210.jpg","width":210,"height":210,"mime-type":"image\/jpeg","url":"https:\/\/demo.realhomes.io\/spanish\/wp-content\/uploads\/sites\/4\/2015\/07\/office-interior-01-210x210.jpg"},"partners-logo":{"file":"office-interior-01-600x680.jpg","width":600,"height":680,"mime-type":"image\/jpeg","url":"https:\/\/demo.realhomes.io\/spanish\/wp-content\/uploads\/sites\/4\/2015\/07\/office-interior-01-600x680.jpg"},"modern-property-child-slider":{"file":"office-interior-01-680x510.jpg","width":680,"height":510,"mime-type":"image\/jpeg","url":"https:\/\/demo.realhomes.io\/spanish\/wp-content\/uploads\/sites\/4\/2015\/07\/office-interior-01-680x510.jpg"}},"image_meta":{"aperture":"0","credit":"","camera":"","caption":"","created_timestamp":"0","copyright":"","focal_length":"0","iso":"0","shutter_speed":"0","title":"","orientation":"0","keywords":[]},"ID":"4487","name":"office-interior-01.jpg","path":"\/sites\/demo.realhomes.io\/files\/wp-content\/uploads\/sites\/4\/2015\/07\/office-interior-01.jpg","url":"https:\/\/demo.realhomes.io\/spanish\/wp-content\/uploads\/sites\/4\/2015\/07\/office-interior-01-150x150.jpg","full_url":"https:\/\/demo.realhomes.io\/spanish\/wp-content\/uploads\/sites\/4\/2015\/07\/office-interior-01.jpg","title":"office-interior-01","caption":"","description":"","alt":"","srcset":"https:\/\/demo.realhomes.io\/spanish\/wp-content\/uploads\/sites\/4\/2015\/07\/office-interior-01-150x150.jpg 150w, https:\/\/demo.realhomes.io\/spanish\/wp-content\/uploads\/sites\/4\/2015\/07\/office-interior-01-210x210.jpg 210w"},{"width":150,"height":150,"file":"2015\/07\/office-interior-02.jpg","sizes":{"medium":{"file":"office-interior-02-300x170.jpg","width":300,"height":170,"mime-type":"image\/jpeg","url":"https:\/\/demo.realhomes.io\/spanish\/wp-content\/uploads\/sites\/4\/2015\/07\/office-interior-02-300x170.jpg"},"large":{"file":"office-interior-02-1024x580.jpg","width":1024,"height":580,"mime-type":"image\/jpeg","url":"https:\/\/demo.realhomes.io\/spanish\/wp-content\/uploads\/sites\/4\/2015\/07\/office-interior-02-1024x580.jpg"},"thumbnail":{"file":"office-interior-02-150x150.jpg","width":150,"height":150,"mime-type":"image\/jpeg","url":"https:\/\/demo.realhomes.io\/spanish\/wp-content\/uploads\/sites\/4\/2015\/07\/office-interior-02-150x150.jpg"},"medium_large":{"file":"office-interior-02-768x435.jpg","width":768,"height":435,"mime-type":"image\/jpeg","url":"https:\/\/demo.realhomes.io\/spanish\/wp-content\/uploads\/sites\/4\/2015\/07\/office-interior-02-768x435.jpg"},"post-thumbnail":{"file":"office-interior-02-150x85.jpg","width":150,"height":85,"mime-type":"image\/jpeg","url":"https:\/\/demo.realhomes.io\/spanish\/wp-content\/uploads\/sites\/4\/2015\/07\/office-interior-02-150x85.jpg"},"property-thumb-image":{"file":"office-interior-02-488x326.jpg","width":488,"height":326,"mime-type":"image\/jpeg","url":"https:\/\/demo.realhomes.io\/spanish\/wp-content\/uploads\/sites\/4\/2015\/07\/office-interior-02-488x326.jpg"},"property-detail-video-image":{"file":"office-interior-02-818x417.jpg","width":818,"height":417,"mime-type":"image\/jpeg","url":"https:\/\/demo.realhomes.io\/spanish\/wp-content\/uploads\/sites\/4\/2015\/07\/office-interior-02-818x417.jpg"},"agent-image":{"file":"office-interior-02-210x210.jpg","width":210,"height":210,"mime-type":"image\/jpeg","url":"https:\/\/demo.realhomes.io\/spanish\/wp-content\/uploads\/sites\/4\/2015\/07\/office-interior-02-210x210.jpg"},"partners-logo":{"file":"office-interior-02-600x680.jpg","width":600,"height":680,"mime-type":"image\/jpeg","url":"https:\/\/demo.realhomes.io\/spanish\/wp-content\/uploads\/sites\/4\/2015\/07\/office-interior-02-600x680.jpg"},"modern-property-child-slider":{"file":"office-interior-02-680x510.jpg","width":680,"height":510,"mime-type":"image\/jpeg","url":"https:\/\/demo.realhomes.io\/spanish\/wp-content\/uploads\/sites\/4\/2015\/07\/office-interior-02-680x510.jpg"}},"image_meta":{"aperture":"0","credit":"","camera":"","caption":"","created_timestamp":"0","copyright":"","focal_length":"0","iso":"0","shutter_speed":"0","title":"","orientation":"0","keywords":[]},"ID":"4488","name":"office-interior-02.jpg","path":"\/sites\/demo.realhomes.io\/files\/wp-content\/uploads\/sites\/4\/2015\/07\/office-interior-02.jpg","url":"https:\/\/demo.realhomes.io\/spanish\/wp-content\/uploads\/sites\/4\/2015\/07\/office-interior-02-150x150.jpg","full_url":"https:\/\/demo.realhomes.io\/spanish\/wp-content\/uploads\/sites\/4\/2015\/07\/office-interior-02.jpg","title":"office-interior-02","caption":"","description":"","alt":"","srcset":"https:\/\/demo.realhomes.io\/spanish\/wp-content\/uploads\/sites\/4\/2015\/07\/office-interior-02-150x150.jpg 150w, https:\/\/demo.realhomes.io\/spanish\/wp-content\/uploads\/sites\/4\/2015\/07\/office-interior-02-210x210.jpg 210w"}],"REAL_HOMES_change_gallery_slider_type":"0","REAL_HOMES_gallery_slider_type":"thumb-on-right","inspiry_floor_plans":[],"inspiry_video_group":[{"inspiry_video_group_url":"https:\/\/www.youtube.com\/watch?v=uTIcquf4Z-s"}],"REAL_HOMES_360_virtual_tour":"","REAL_HOMES_agent_display_option":"agent_info","REAL_HOMES_agents":["51"],"REAL_HOMES_energy_class":"none","REAL_HOMES_energy_performance":"","REAL_HOMES_epc_current_rating":"","REAL_HOMES_epc_potential_rating":"","ere_property_schedule_tour":"global","ere_property_schedule_time_slots":"","ere_property_schedule_description":"","REAL_HOMES_sticky":"0","inspiry_property_label":"","inspiry_property_label_color":"","inspiry_property_tax":"","inspiry_additional_fee":"","REAL_HOMES_attachments":[],"inspiry_property_owner_name":"","inspiry_property_owner_contact":"","inspiry_property_owner_address":"","REAL_HOMES_property_private_note":"","inspiry_message_to_reviewer":"","REAL_HOMES_add_in_slider":"no","REAL_HOMES_slider_image":[],"REAL_HOMES_page_banner_image":[],"REAL_HOMES_hide_property_advance_search":"0","REAL_HOMES_custom_header_display":"default","REAL_HOMES_custom_header_position":"relative","REAL_HOMES_custom_footer_display":"default","REAL_HOMES_hide_advance_search":"0","REAL_HOMES_custom_search_form":"default","REAL_HOMES_search_form_margin_top":"","REAL_HOMES_search_form_margin_bottom":""},"_links":{"self":[{"href":"https:\/\/demo.realhomes.io\/spanish\/wp-json\/wp\/v2\/propiedad\/87","targetHints":{"allow":["GET"]}}],"collection":[{"href":"https:\/\/demo.realhomes.io\/spanish\/wp-json\/wp\/v2\/propiedad"}],"about":[{"href":"https:\/\/demo.realhomes.io\/spanish\/wp-json\/wp\/v2\/types\/property"}],"author":[{"embeddable":true,"href":"https:\/\/demo.realhomes.io\/spanish\/wp-json\/wp\/v2\/users\/1"}],"replies":[{"embeddable":true,"href":"https:\/\/demo.realhomes.io\/spanish\/wp-json\/wp\/v2\/comments?post=87"}],"version-history":[{"count":3,"href":"https:\/\/demo.realhomes.io\/spanish\/wp-json\/wp\/v2\/propiedad\/87\/revisions"}],"predecessor-version":[{"id":5021,"href":"https:\/\/demo.realhomes.io\/spanish\/wp-json\/wp\/v2\/propiedad\/87\/revisions\/5021"}],"wp:featuredmedia":[{"embeddable":true,"href":"https:\/\/demo.realhomes.io\/spanish\/wp-json\/wp\/v2\/media\/4486"}],"wp:attachment":[{"href":"https:\/\/demo.realhomes.io\/spanish\/wp-json\/wp\/v2\/media?parent=87"}],"wp:term":[{"taxonomy":"property-feature","embeddable":true,"href":"https:\/\/demo.realhomes.io\/spanish\/wp-json\/wp\/v2\/prestaci\u00f3n-propiedad?post=87"},{"taxonomy":"property-type","embeddable":true,"href":"https:\/\/demo.realhomes.io\/spanish\/wp-json\/wp\/v2\/tipo-propiedad?post=87"},{"taxonomy":"property-city","embeddable":true,"href":"https:\/\/demo.realhomes.io\/spanish\/wp-json\/wp\/v2\/propiedad-ubicacion?post=87"},{"taxonomy":"property-status","embeddable":true,"href":"https:\/\/demo.realhomes.io\/spanish\/wp-json\/wp\/v2\/estado-propiedad?post=87"}],"curies":[{"name":"wp","href":"https:\/\/api.w.org\/{rel}","templated":true}]}}